{"id":140,"date":"2024-07-10T22:40:11","date_gmt":"2024-07-10T20:40:11","guid":{"rendered":"https:\/\/baronchloe-avocat.fr\/?page_id=140"},"modified":"2024-08-30T23:26:11","modified_gmt":"2024-08-30T21:26:11","slug":"rgpd-et-gestion-des-cookies","status":"publish","type":"page","link":"https:\/\/baronchloe-avocat.fr\/?page_id=140","title":{"rendered":"R\u00e8glement g\u00e9n\u00e9ral sur la protection des donn\u00e9es"},"content":{"rendered":"\n<hr \/>\n\n\n\n<p><p style=\"text-align: justify;\">Le responsable des traitements op\u00e9r\u00e9s via le site internet http:\/\/baronchloe-avocat.fr est Ma\u00eetre Chlo\u00e9 Baron dont le si\u00e8ge est situ\u00e9 49 rue Saint Roch \u00e0 PARIS (75001), inscrit au r\u00e9pertoire SIRENE sous le num\u00e9ro 901963728 et dont le num\u00e9ro de SIRET est : 90196372800026 &#8211; code APE : 6910Z (activit\u00e9s juridiques \u2013 affaire personnelle profession lib\u00e9rale).<\/p><\/p>\n\n\n\n<br \/><p><p style=\"text-align: justify;\">Les traitements de donn\u00e9es \u00e0 caract\u00e8re personnel mis en \u0153uvre via le site internet http:\/\/baronchloe-avocat.fr sont \u00a0:<br> &#8211; la r\u00e9ponse aux questions pos\u00e9es via le formulaire de contact, sur la base du consentement des personnes,<br> &#8211; la gestion des rappels pour des personnes ayant demand\u00e9 \u00e0 \u00eatre contact\u00e9 par t\u00e9l\u00e9phone, sur la base du consentement des personnes,<br> &#8211; l\u2019\u00e9tablissement d\u2019un devis et la constitution de propositions commerciales chiffr\u00e9es, sur la base de l\u2019ex\u00e9cution de mesures pr\u00e9contractuelles,<\/p><\/p>\n\n\n\n<p><p style=\"text-align: justify;\"><br>L\u2019avocate responsable de traitement, responsable du site, est seule destinataire des donn\u00e9es envoy\u00e9es par les utilisateurs et clients.<br>Ces donn\u00e9es ne sont pas transmises \u00e0 des partenaires ou tiers ni utilis\u00e9es \u00e0 des fins non pr\u00e9vues, sauf indication contraire et information contraire. Aucune information personnelle autre que celles demand\u00e9es dans ce cadre n\u2019est collect\u00e9e \u00e0 l&#8217;insu des personnes concern\u00e9es.<\/p><\/p>\n\n\n\n<p><p style=\"text-align: justify;\">Seules les donn\u00e9es strictement n\u00e9cessaires \u00e0 la mise en \u0153uvre des traitements sont demand\u00e9es aupr\u00e8s des utilisateurs et collect\u00e9es (principe de minimisation).<\/p><\/p>\n\n\n\n<br \/><p><p style=\"text-align: justify;\">Les donn\u00e9es recueillies sont conserv\u00e9es:<br> &#8211; pour les clients dans le cadre de la gestion de leurs dossiers\u00a0: 1 an apr\u00e8s la fin de la relation en base active et 4 ans en archives \u00e0 compter de la fin de la relation,<br> &#8211; pour les utilisateurs ayant pos\u00e9 une question via le formulaire de contact ou ayant demand\u00e9 \u00e0 \u00eatre rappel\u00e9\u00a0: 1 an apr\u00e8s l\u2019envoi de la demande<br>Les donn\u00e9es collect\u00e9es via les traitements de donn\u00e9es \u00e0 caract\u00e8re personnel du pr\u00e9sent site ne font l&#8217;objet d&#8217;aucun transfert en dehors du territoire de l&#8217;Union Europ\u00e9enne.<br \/><br>Conform\u00e9ment \u00e0 la loi n\u00b078-18 du 6 janvier 1978 relative \u00e0 l\u2018informatique, aux fichiers et aux libert\u00e9s modifi\u00e9e ainsi qu&#8217;au R\u00e8glement (UE) 2016\/679 du Parlement europ\u00e9en et du Conseil du 27 avril 2016 relatif \u00e0 la protection des personnes physiques \u00e0 l&#8217;\u00e9gard du traitement des donn\u00e9es \u00e0 caract\u00e8re personnel et \u00e0 la libre circulation de ces donn\u00e9es et notamment dans ses articles 15 et suivants, l&#8217;utilisateur de ce site b\u00e9n\u00e9ficie en fonction des cas des droits d\u2019acc\u00e8s, de rectification, d&#8217;effacement et de portabilit\u00e9 portant sur les donn\u00e9es le concernant ainsi que des droits de limitation et d\u2019opposition sur les traitements op\u00e9r\u00e9s via le site du cabinet.<br \/><br>Les personnes peuvent exercer ces droits sur leurs donn\u00e9es en envoyant un e-mail ou bien un courrier postal adress\u00e9 \u00e0 : Ma\u00eetre Chlo\u00e9 BARON, 49 rue Saint Roch \u00e0 PARIS (75001), cb@baronchloe-avocat.fr<\/p><\/p>\n\n\n\n<p><p style=\"text-align: justify;\">L&#8217;utilisateur de ce site ou le client de l\u2019avocat peut \u00e0 tout moment saisir la Commission Nationale Informatique et Libert\u00e9s (CNIL), autorit\u00e9 de contr\u00f4le fran\u00e7aise, et introduire une r\u00e9clamation en \u00e9crivant \u00e0 CNIL \u2013 3 place de Fontenoy \u2013 TSA 80715 \u2013 75334 Paris Cedex 07, ou directement en ligne \u00e0 l\u2019adresse&nbsp;: www.cnil.fr\/plaintes.<br \/><br>En cas de d\u00e9faut de r\u00e9ponse du responsable de traitement \u00e0 l\u2019exercice des droits &#8220;Informatique et Libert\u00e9s&#8221; (comme le droit d\u2019acc\u00e8s \u00e0 ses donn\u00e9es, cf. supra), en cas d\u2019atteinte manifeste aux r\u00e8gles de protection des donn\u00e9es personnelles par le responsable de traitement.<\/p><\/p>\n\n\n\n<div class=\"wp-block-group is-nowrap is-layout-flex wp-container-core-group-is-layout-ad2f72ca wp-block-group-is-layout-flex\">\n<br \/>\n<\/div>\n","protected":false},"excerpt":{"rendered":"<p>Le responsable des traitements op\u00e9r\u00e9s via le site internet http:\/\/baronchloe-avocat.fr est Ma\u00eetre Chlo\u00e9 Baron dont le si\u00e8ge est situ\u00e9 49 rue Saint Roch \u00e0 PARIS (75001), inscrit au r\u00e9pertoire SIRENE sous le num\u00e9ro 901963728 et dont le num\u00e9ro de SIRET est : 90196372800026 &#8211; code APE : 6910Z (activit\u00e9s juridiques [&hellip;]<\/p>\n","protected":false},"author":1,"featured_media":0,"parent":0,"menu_order":0,"comment_status":"closed","ping_status":"closed","template":"","meta":{"footnotes":""},"class_list":["post-140","page","type-page","status-publish","hentry"],"_links":{"self":[{"href":"https:\/\/baronchloe-avocat.fr\/index.php?rest_route=\/wp\/v2\/pages\/140","targetHints":{"allow":["GET"]}}],"collection":[{"href":"https:\/\/baronchloe-avocat.fr\/index.php?rest_route=\/wp\/v2\/pages"}],"about":[{"href":"https:\/\/baronchloe-avocat.fr\/index.php?rest_route=\/wp\/v2\/types\/page"}],"author":[{"embeddable":true,"href":"https:\/\/baronchloe-avocat.fr\/index.php?rest_route=\/wp\/v2\/users\/1"}],"replies":[{"embeddable":true,"href":"https:\/\/baronchloe-avocat.fr\/index.php?rest_route=%2Fwp%2Fv2%2Fcomments&post=140"}],"version-history":[{"count":15,"href":"https:\/\/baronchloe-avocat.fr\/index.php?rest_route=\/wp\/v2\/pages\/140\/revisions"}],"predecessor-version":[{"id":353,"href":"https:\/\/baronchloe-avocat.fr\/index.php?rest_route=\/wp\/v2\/pages\/140\/revisions\/353"}],"wp:attachment":[{"href":"https:\/\/baronchloe-avocat.fr\/index.php?rest_route=%2Fwp%2Fv2%2Fmedia&parent=140"}],"curies":[{"name":"wp","href":"https:\/\/api.w.org\/{rel}","templated":true}]}}